{"id":1491,"date":"2019-11-12T17:24:10","date_gmt":"2019-11-12T16:24:10","guid":{"rendered":"https:\/\/www.advocatsnadal.com\/?page_id=1491"},"modified":"2019-11-13T10:29:07","modified_gmt":"2019-11-13T09:29:07","slug":"marc-torres-bacardi","status":"publish","type":"page","link":"https:\/\/www.torres-nadal.com\/es\/equipo\/marc-torres-bacardi\/","title":{"rendered":"Marc Torres i Bacardi"},"content":{"rendered":"<p>[vc_row type=\u00bbvc_default\u00bb css=\u00bb.vc_custom_1474215561550{margin-right: -25px !important;margin-left: -25px !important;}\u00bb][vc_column width=\u00bb1\/2&#8243; css=\u00bb.vc_custom_1474216009785{margin-bottom: 80px !important;padding-top: 0px !important;padding-right: 25px !important;padding-bottom: 0px !important;padding-left: 25px !important;}\u00bb offset=\u00bbvc_col-lg-4 vc_col-md-5&#8243;][vc_single_image image=\u00bb1489&#8243; img_size=\u00bb700&#215;700&#8243; alignment=\u00bbcenter\u00bb onclick=\u00bblink_image\u00bb lazy_loading=\u00bbtrue\u00bb]<div class=\"ult-content-box-container \" >\t\t<div class=\"ult-content-box\" style=\"background-color:#f4f4f4;box-shadow: px px px px none;padding-top:30px;padding-right:30px;padding-left:30px;-webkit-transition: all 700ms ease;-moz-transition: all 700ms ease;-ms-transition: all 700ms ease;-o-transition: all 700ms ease;transition: all 700ms ease;\"  data-hover_box_shadow=\"none\"     data-bg=\"#f4f4f4\" ><div class=\"aio-icon-component  vc_custom_1573207524749   style_1\"><div id=\"Info-box-wrap-4301\" class=\"aio-icon-box left-icon\" style=\"\"  ><div class=\"aio-icon-left\"><div class=\"ult-just-icon-wrapper  \"><div class=\"align-icon\" style=\"text-align:center;\">\n<div class=\"aio-icon circle \"  style=\"color:#fefefe;background:#a79a8d;font-size:16px;display:inline-block;\">\n\t<i class=\"icomoon-the7-font-the7-mail-03\"><\/i>\n<\/div><\/div><\/div><\/div><div class=\"aio-ibd-block\"><div class=\"aio-icon-description ult-responsive\"  data-ultimate-target='#Info-box-wrap-4301 .aio-icon-description'  data-responsive-json-new='{\"font-size\":\"\",\"line-height\":\"\"}'  style=\"\"><a href=\"mailto:marc@torres-nadal.com\">marc@torres-nadal.com<\/a><\/div> <!-- description --><\/div> <!-- aio-ibd-block --><\/div> <!-- aio-icon-box --><\/div> <!-- aio-icon-component -->\t\t<\/div><\/div>[vc_empty_space][\/vc_column][vc_column width=\u00bb1\/2&#8243; css=\u00bb.vc_custom_1471374761882{margin-bottom: 70px !important;padding-top: 0px !important;padding-right: 25px !important;padding-bottom: 0px !important;padding-left: 25px !important;}\u00bb offset=\u00bbvc_col-lg-8 vc_col-md-7&#8243;]<div id=\"ultimate-heading-707369f52b7ce59e3\" class=\"uvc-heading ult-adjust-bottom-margin ultimate-heading-707369f52b7ce59e3 uvc-9569 \" data-hspacer=\"no_spacer\"  data-halign=\"left\" style=\"text-align:left\"><div class=\"uvc-heading-spacer no_spacer\" style=\"top\"><\/div><div class=\"uvc-main-heading ult-responsive\"  data-ultimate-target='.uvc-heading.ultimate-heading-707369f52b7ce59e3 h3'  data-responsive-json-new='{\"font-size\":\"desktop:35px;\",\"line-height\":\"\"}' ><h3 style=\"font-weight:bold;color:#000000;margin-bottom:10px;\">MARC TORRES I BACARDI<\/h3><\/div><div class=\"uvc-sub-heading ult-responsive\"  data-ultimate-target='.uvc-heading.ultimate-heading-707369f52b7ce59e3 .uvc-sub-heading '  data-responsive-json-new='{\"font-size\":\"desktop:16px;\",\"line-height\":\"desktop:28px;\"}'  style=\"font-weight:normal;color:#a79a8e;margin-bottom:20px;\">Abogado<\/div><\/div>[vc_column_text]Colegiado 1.402 del Ilustre Colegio de la Abogac\u00eda de Lleida (2003).<br \/>\nLicenciado en Derecho por la Universidad de Lleida.<br \/>\nPr\u00e1ctica Jur\u00eddica en el Ilustre Colegio de la Abogac\u00eda de Lleida.<br \/>\nPostgrado de Asesor\u00eda jur\u00eddica de empresa por la Universidad Abierta de Catalu\u00f1a.<br \/>\nMiembro de la Junta de Gobierno del Ilustre Colegio de la Abogac\u00eda de Lleida desde el 2016.[\/vc_column_text][vc_empty_space]<div id=\"ultimate-heading-774169f52b7ce5a20\" class=\"uvc-heading ult-adjust-bottom-margin ultimate-heading-774169f52b7ce5a20 uvc-1331 \" data-hspacer=\"no_spacer\"  data-halign=\"left\" style=\"text-align:left\"><div class=\"uvc-heading-spacer no_spacer\" style=\"top\"><\/div><div class=\"uvc-main-heading ult-responsive\"  data-ultimate-target='.uvc-heading.ultimate-heading-774169f52b7ce5a20 h3'  data-responsive-json-new='{\"font-size\":\"\",\"line-height\":\"\"}' ><h3 style=\"font-weight:bold;color:#000000;margin-bottom:10px;\">Especialidades<\/h3><\/div><\/div>[vc_row_inner css=\u00bb.vc_custom_1462354927208{padding-top: 22px !important;padding-bottom: 20px !important;}\u00bb][vc_column_inner offset=\u00bbvc_col-lg-6 vc_col-md-6&#8243;][vc_column_text]<strong>Derecho Civil<\/strong><\/p>\n<p style=\"padding-left: 40px;\">Reclamaciones de cantidad<br \/>\nContrataci\u00f3n<br \/>\nResponsabilidad por da\u00f1os<\/p>\n<p><strong>Derecho Mercantil y Concursal<br \/>\nDerecho Bancario y de Consumo<\/strong><\/p>\n<p>[\/vc_column_text][\/vc_column_inner][vc_column_inner width=\u00bb1\/2&#8243; offset=\u00bbvc_col-lg-6 vc_col-md-6&#8243;][vc_column_text]<strong>Derecho de Familia<\/strong><\/p>\n<p style=\"padding-left: 40px;\">Sucesiones<br \/>\nDivorcios<br \/>\nGuarda y custodia e incapacitados<\/p>\n<p><strong>Derecho Financiero y Tributario<br \/>\nDerecho Penal Econ\u00f3mico<\/strong><\/p>\n<p>[\/vc_column_text][\/vc_column_inner][\/vc_row_inner][vc_empty_space][\/vc_column][\/vc_row]<\/p>\n","protected":false},"excerpt":{"rendered":"<p>[vc_row type=\u00bbvc_default\u00bb css=\u00bb.vc_custom_1474215561550{margin-right: -25px !important;margin-left: -25px !important;}\u00bb][vc_column width=\u00bb1\/2&#8243; css=\u00bb.vc_custom_1474216009785{margin-bottom: 80px !important;padding-top: 0px !important;padding-right: 25px !important;padding-bottom: 0px !important;padding-left: 25px !important;}\u00bb offset=\u00bbvc_col-lg-4 vc_col-md-5&#8243;][vc_single_image image=\u00bb1489&#8243; img_size=\u00bb700&#215;700&#8243; alignment=\u00bbcenter\u00bb onclick=\u00bblink_image\u00bb lazy_loading=\u00bbtrue\u00bb][vc_empty_space][\/vc_column][vc_column width=\u00bb1\/2&#8243; css=\u00bb.vc_custom_1471374761882{margin-bottom: 70px !important;padding-top: 0px !important;padding-right: 25px !important;padding-bottom: 0px !important;padding-left: 25px !important;}\u00bb offset=\u00bbvc_col-lg-8 vc_col-md-7&#8243;][vc_column_text]Colegiado 1.402 del Ilustre Colegio de la Abogac\u00eda de Lleida (2003). Licenciado en Derecho por la&hellip;<\/p>\n","protected":false},"author":2,"featured_media":1489,"parent":1633,"menu_order":30,"comment_status":"closed","ping_status":"closed","template":"","meta":[],"class_list":["post-1491","page","type-page","status-publish","has-post-thumbnail","hentry","description-off"],"yoast_head":"<!-- This site is optimized with the Yoast SEO plugin v24.7 - https:\/\/yoast.com\/wordpress\/plugins\/seo\/ -->\n<title>Marc Torres i Bacardi - Torres-Nadal - Abogados Asesores<\/title>\n<meta name=\"robots\" content=\"index, follow, max-snippet:-1, max-image-preview:large, max-video-preview:-1\" \/>\n<link rel=\"canonical\" href=\"https:\/\/www.torres-nadal.com\/es\/equipo\/marc-torres-bacardi\/\" \/>\n<meta property=\"og:locale\" content=\"es_ES\" \/>\n<meta property=\"og:type\" content=\"article\" \/>\n<meta property=\"og:title\" content=\"Marc Torres i Bacardi - Torres-Nadal - Abogados Asesores\" \/>\n<meta property=\"og:description\" content=\"[vc_row type=\u00bbvc_default\u00bb css=\u00bb.vc_custom_1474215561550{margin-right: -25px !important;margin-left: -25px !important;}\u00bb][vc_column width=\u00bb1\/2&#8243; css=\u00bb.vc_custom_1474216009785{margin-bottom: 80px !important;padding-top: 0px !important;padding-right: 25px !important;padding-bottom: 0px !important;padding-left: 25px !important;}\u00bb offset=\u00bbvc_col-lg-4 vc_col-md-5&#8243;][vc_single_image image=\u00bb1489&#8243; img_size=\u00bb700&#215;700&#8243; alignment=\u00bbcenter\u00bb onclick=\u00bblink_image\u00bb lazy_loading=\u00bbtrue\u00bb][vc_empty_space][\/vc_column][vc_column width=\u00bb1\/2&#8243; css=\u00bb.vc_custom_1471374761882{margin-bottom: 70px !important;padding-top: 0px !important;padding-right: 25px !important;padding-bottom: 0px !important;padding-left: 25px !important;}\u00bb offset=\u00bbvc_col-lg-8 vc_col-md-7&#8243;][vc_column_text]Colegiado 1.402 del Ilustre Colegio de la Abogac\u00eda de Lleida (2003). Licenciado en Derecho por la&hellip;\" \/>\n<meta property=\"og:url\" content=\"https:\/\/www.torres-nadal.com\/es\/equipo\/marc-torres-bacardi\/\" \/>\n<meta property=\"og:site_name\" content=\"Torres-Nadal - Abogados Asesores\" \/>\n<meta property=\"article:modified_time\" content=\"2019-11-13T09:29:07+00:00\" \/>\n<meta property=\"og:image\" content=\"https:\/\/www.torres-nadal.com\/wp-content\/uploads\/2019\/10\/LOF2496.jpg\" \/>\n\t<meta property=\"og:image:width\" content=\"500\" \/>\n\t<meta property=\"og:image:height\" content=\"500\" \/>\n\t<meta property=\"og:image:type\" content=\"image\/jpeg\" \/>\n<meta name=\"twitter:card\" content=\"summary_large_image\" \/>\n<meta name=\"twitter:label1\" content=\"Tiempo de lectura\" \/>\n\t<meta name=\"twitter:data1\" content=\"2 minutos\" \/>\n<script type=\"application\/ld+json\" class=\"yoast-schema-graph\">{\"@context\":\"https:\/\/schema.org\",\"@graph\":[{\"@type\":\"WebPage\",\"@id\":\"https:\/\/www.torres-nadal.com\/es\/equipo\/marc-torres-bacardi\/\",\"url\":\"https:\/\/www.torres-nadal.com\/es\/equipo\/marc-torres-bacardi\/\",\"name\":\"Marc Torres i Bacardi - Torres-Nadal - Abogados Asesores\",\"isPartOf\":{\"@id\":\"https:\/\/www.torres-nadal.com\/#website\"},\"primaryImageOfPage\":{\"@id\":\"https:\/\/www.torres-nadal.com\/es\/equipo\/marc-torres-bacardi\/#primaryimage\"},\"image\":{\"@id\":\"https:\/\/www.torres-nadal.com\/es\/equipo\/marc-torres-bacardi\/#primaryimage\"},\"thumbnailUrl\":\"https:\/\/www.torres-nadal.com\/wp-content\/uploads\/2019\/10\/LOF2496.jpg\",\"datePublished\":\"2019-11-12T16:24:10+00:00\",\"dateModified\":\"2019-11-13T09:29:07+00:00\",\"breadcrumb\":{\"@id\":\"https:\/\/www.torres-nadal.com\/es\/equipo\/marc-torres-bacardi\/#breadcrumb\"},\"inLanguage\":\"es\",\"potentialAction\":[{\"@type\":\"ReadAction\",\"target\":[\"https:\/\/www.torres-nadal.com\/es\/equipo\/marc-torres-bacardi\/\"]}]},{\"@type\":\"ImageObject\",\"inLanguage\":\"es\",\"@id\":\"https:\/\/www.torres-nadal.com\/es\/equipo\/marc-torres-bacardi\/#primaryimage\",\"url\":\"https:\/\/www.torres-nadal.com\/wp-content\/uploads\/2019\/10\/LOF2496.jpg\",\"contentUrl\":\"https:\/\/www.torres-nadal.com\/wp-content\/uploads\/2019\/10\/LOF2496.jpg\",\"width\":500,\"height\":500,\"caption\":\"Advocats Torres - Nadal\"},{\"@type\":\"BreadcrumbList\",\"@id\":\"https:\/\/www.torres-nadal.com\/es\/equipo\/marc-torres-bacardi\/#breadcrumb\",\"itemListElement\":[{\"@type\":\"ListItem\",\"position\":1,\"name\":\"Inici\",\"item\":\"https:\/\/www.torres-nadal.com\/es\/\"},{\"@type\":\"ListItem\",\"position\":2,\"name\":\"Equipo\",\"item\":\"https:\/\/www.torres-nadal.com\/es\/equipo\/\"},{\"@type\":\"ListItem\",\"position\":3,\"name\":\"Marc Torres i Bacardi\"}]},{\"@type\":\"WebSite\",\"@id\":\"https:\/\/www.torres-nadal.com\/#website\",\"url\":\"https:\/\/www.torres-nadal.com\/\",\"name\":\"Torres-Nadal - Abogados Asesores\",\"description\":\"\",\"potentialAction\":[{\"@type\":\"SearchAction\",\"target\":{\"@type\":\"EntryPoint\",\"urlTemplate\":\"https:\/\/www.torres-nadal.com\/?s={search_term_string}\"},\"query-input\":{\"@type\":\"PropertyValueSpecification\",\"valueRequired\":true,\"valueName\":\"search_term_string\"}}],\"inLanguage\":\"es\"}]}<\/script>\n<!-- \/ Yoast SEO plugin. -->","yoast_head_json":{"title":"Marc Torres i Bacardi - Torres-Nadal - Abogados Asesores","robots":{"index":"index","follow":"follow","max-snippet":"max-snippet:-1","max-image-preview":"max-image-preview:large","max-video-preview":"max-video-preview:-1"},"canonical":"https:\/\/www.torres-nadal.com\/es\/equipo\/marc-torres-bacardi\/","og_locale":"es_ES","og_type":"article","og_title":"Marc Torres i Bacardi - Torres-Nadal - Abogados Asesores","og_description":"[vc_row type=\u00bbvc_default\u00bb css=\u00bb.vc_custom_1474215561550{margin-right: -25px !important;margin-left: -25px !important;}\u00bb][vc_column width=\u00bb1\/2&#8243; css=\u00bb.vc_custom_1474216009785{margin-bottom: 80px !important;padding-top: 0px !important;padding-right: 25px !important;padding-bottom: 0px !important;padding-left: 25px !important;}\u00bb offset=\u00bbvc_col-lg-4 vc_col-md-5&#8243;][vc_single_image image=\u00bb1489&#8243; img_size=\u00bb700&#215;700&#8243; alignment=\u00bbcenter\u00bb onclick=\u00bblink_image\u00bb lazy_loading=\u00bbtrue\u00bb][vc_empty_space][\/vc_column][vc_column width=\u00bb1\/2&#8243; css=\u00bb.vc_custom_1471374761882{margin-bottom: 70px !important;padding-top: 0px !important;padding-right: 25px !important;padding-bottom: 0px !important;padding-left: 25px !important;}\u00bb offset=\u00bbvc_col-lg-8 vc_col-md-7&#8243;][vc_column_text]Colegiado 1.402 del Ilustre Colegio de la Abogac\u00eda de Lleida (2003). Licenciado en Derecho por la&hellip;","og_url":"https:\/\/www.torres-nadal.com\/es\/equipo\/marc-torres-bacardi\/","og_site_name":"Torres-Nadal - Abogados Asesores","article_modified_time":"2019-11-13T09:29:07+00:00","og_image":[{"width":500,"height":500,"url":"https:\/\/www.torres-nadal.com\/wp-content\/uploads\/2019\/10\/LOF2496.jpg","type":"image\/jpeg"}],"twitter_card":"summary_large_image","twitter_misc":{"Tiempo de lectura":"2 minutos"},"schema":{"@context":"https:\/\/schema.org","@graph":[{"@type":"WebPage","@id":"https:\/\/www.torres-nadal.com\/es\/equipo\/marc-torres-bacardi\/","url":"https:\/\/www.torres-nadal.com\/es\/equipo\/marc-torres-bacardi\/","name":"Marc Torres i Bacardi - Torres-Nadal - Abogados Asesores","isPartOf":{"@id":"https:\/\/www.torres-nadal.com\/#website"},"primaryImageOfPage":{"@id":"https:\/\/www.torres-nadal.com\/es\/equipo\/marc-torres-bacardi\/#primaryimage"},"image":{"@id":"https:\/\/www.torres-nadal.com\/es\/equipo\/marc-torres-bacardi\/#primaryimage"},"thumbnailUrl":"https:\/\/www.torres-nadal.com\/wp-content\/uploads\/2019\/10\/LOF2496.jpg","datePublished":"2019-11-12T16:24:10+00:00","dateModified":"2019-11-13T09:29:07+00:00","breadcrumb":{"@id":"https:\/\/www.torres-nadal.com\/es\/equipo\/marc-torres-bacardi\/#breadcrumb"},"inLanguage":"es","potentialAction":[{"@type":"ReadAction","target":["https:\/\/www.torres-nadal.com\/es\/equipo\/marc-torres-bacardi\/"]}]},{"@type":"ImageObject","inLanguage":"es","@id":"https:\/\/www.torres-nadal.com\/es\/equipo\/marc-torres-bacardi\/#primaryimage","url":"https:\/\/www.torres-nadal.com\/wp-content\/uploads\/2019\/10\/LOF2496.jpg","contentUrl":"https:\/\/www.torres-nadal.com\/wp-content\/uploads\/2019\/10\/LOF2496.jpg","width":500,"height":500,"caption":"Advocats Torres - Nadal"},{"@type":"BreadcrumbList","@id":"https:\/\/www.torres-nadal.com\/es\/equipo\/marc-torres-bacardi\/#breadcrumb","itemListElement":[{"@type":"ListItem","position":1,"name":"Inici","item":"https:\/\/www.torres-nadal.com\/es\/"},{"@type":"ListItem","position":2,"name":"Equipo","item":"https:\/\/www.torres-nadal.com\/es\/equipo\/"},{"@type":"ListItem","position":3,"name":"Marc Torres i Bacardi"}]},{"@type":"WebSite","@id":"https:\/\/www.torres-nadal.com\/#website","url":"https:\/\/www.torres-nadal.com\/","name":"Torres-Nadal - Abogados Asesores","description":"","potentialAction":[{"@type":"SearchAction","target":{"@type":"EntryPoint","urlTemplate":"https:\/\/www.torres-nadal.com\/?s={search_term_string}"},"query-input":{"@type":"PropertyValueSpecification","valueRequired":true,"valueName":"search_term_string"}}],"inLanguage":"es"}]}},"_links":{"self":[{"href":"https:\/\/www.torres-nadal.com\/es\/wp-json\/wp\/v2\/pages\/1491","targetHints":{"allow":["GET"]}}],"collection":[{"href":"https:\/\/www.torres-nadal.com\/es\/wp-json\/wp\/v2\/pages"}],"about":[{"href":"https:\/\/www.torres-nadal.com\/es\/wp-json\/wp\/v2\/types\/page"}],"author":[{"embeddable":true,"href":"https:\/\/www.torres-nadal.com\/es\/wp-json\/wp\/v2\/users\/2"}],"replies":[{"embeddable":true,"href":"https:\/\/www.torres-nadal.com\/es\/wp-json\/wp\/v2\/comments?post=1491"}],"version-history":[{"count":4,"href":"https:\/\/www.torres-nadal.com\/es\/wp-json\/wp\/v2\/pages\/1491\/revisions"}],"predecessor-version":[{"id":1701,"href":"https:\/\/www.torres-nadal.com\/es\/wp-json\/wp\/v2\/pages\/1491\/revisions\/1701"}],"up":[{"embeddable":true,"href":"https:\/\/www.torres-nadal.com\/es\/wp-json\/wp\/v2\/pages\/1633"}],"wp:featuredmedia":[{"embeddable":true,"href":"https:\/\/www.torres-nadal.com\/es\/wp-json\/wp\/v2\/media\/1489"}],"wp:attachment":[{"href":"https:\/\/www.torres-nadal.com\/es\/wp-json\/wp\/v2\/media?parent=1491"}],"curies":[{"name":"wp","href":"https:\/\/api.w.org\/{rel}","templated":true}]}}