{"id":1129,"date":"2016-05-20T01:55:58","date_gmt":"2016-05-19T23:55:58","guid":{"rendered":"https:\/\/www.advocatsnadal.com\/curriculum-anna-nadal\/?lang=es"},"modified":"2019-11-13T10:16:05","modified_gmt":"2019-11-13T09:16:05","slug":"anna-nadal","status":"publish","type":"page","link":"https:\/\/www.torres-nadal.com\/es\/equipo\/anna-nadal\/","title":{"rendered":"Anna Nadal i Braqu\u00e9"},"content":{"rendered":"<p>[vc_row type=\u00bbvc_default\u00bb css=\u00bb.vc_custom_1474215561550{margin-right: -25px !important;margin-left: -25px !important;}\u00bb][vc_column width=\u00bb1\/2&#8243; css=\u00bb.vc_custom_1474216009785{margin-bottom: 80px !important;padding-top: 0px !important;padding-right: 25px !important;padding-bottom: 0px !important;padding-left: 25px !important;}\u00bb offset=\u00bbvc_col-lg-4 vc_col-md-5&#8243;][vc_single_image image=\u00bb1267&#8243; img_size=\u00bb700&#215;700&#8243; alignment=\u00bbcenter\u00bb onclick=\u00bblink_image\u00bb lazy_loading=\u00bbtrue\u00bb]<div class=\"ult-content-box-container \" >\t\t<div class=\"ult-content-box\" style=\"background-color:#f4f4f4;box-shadow: px px px px #f7f7f7 none;padding-top:30px;padding-right:30px;padding-left:30px;-webkit-transition: all 700ms ease;-moz-transition: all 700ms ease;-ms-transition: all 700ms ease;-o-transition: all 700ms ease;transition: all 700ms ease;\"  data-hover_box_shadow=\"none\"     data-bg=\"#f4f4f4\" ><div class=\"aio-icon-component  vc_custom_1573206397616   style_1\"><div id=\"Info-box-wrap-4872\" class=\"aio-icon-box left-icon\" style=\"\"  ><div class=\"aio-icon-left\"><div class=\"ult-just-icon-wrapper  \"><div class=\"align-icon\" style=\"text-align:center;\">\n<div class=\"aio-icon circle \"  style=\"color:#fefefe;background:#a79a8d;font-size:16px;display:inline-block;\">\n\t<i class=\"icomoon-the7-font-the7-mail-03\"><\/i>\n<\/div><\/div><\/div><\/div><div class=\"aio-ibd-block\"><div class=\"aio-icon-description ult-responsive\"  data-ultimate-target='#Info-box-wrap-4872 .aio-icon-description'  data-responsive-json-new='{\"font-size\":\"\",\"line-height\":\"\"}'  style=\"\"><a href=\"mailto:anna@torres-nadal.com\">anna@torres-nadal.com<\/a><\/div> <!-- description --><\/div> <!-- aio-ibd-block --><\/div> <!-- aio-icon-box --><\/div> <!-- aio-icon-component -->\t\t<\/div><\/div>[vc_empty_space][\/vc_column][vc_column width=\u00bb1\/2&#8243; css=\u00bb.vc_custom_1471374761882{margin-bottom: 70px !important;padding-top: 0px !important;padding-right: 25px !important;padding-bottom: 0px !important;padding-left: 25px !important;}\u00bb offset=\u00bbvc_col-lg-8 vc_col-md-7&#8243;]<div id=\"ultimate-heading-512169f5105a40306\" class=\"uvc-heading ult-adjust-bottom-margin ultimate-heading-512169f5105a40306 uvc-1965 \" data-hspacer=\"no_spacer\"  data-halign=\"left\" style=\"text-align:left\"><div class=\"uvc-heading-spacer no_spacer\" style=\"top\"><\/div><div class=\"uvc-main-heading ult-responsive\"  data-ultimate-target='.uvc-heading.ultimate-heading-512169f5105a40306 h3'  data-responsive-json-new='{\"font-size\":\"desktop:35px;\",\"line-height\":\"\"}' ><h3 style=\"font-weight:bold;color:#000000;margin-bottom:10px;\">Anna Nadal i Braqu\u00e9<\/h3><\/div><div class=\"uvc-sub-heading ult-responsive\"  data-ultimate-target='.uvc-heading.ultimate-heading-512169f5105a40306 .uvc-sub-heading '  data-responsive-json-new='{\"font-size\":\"desktop:16px;\",\"line-height\":\"desktop:28px;\"}'  style=\"font-weight:normal;color:#a79a8e;margin-bottom:20px;\">Abogada<\/div><\/div>[vc_column_text]Colegiada 1457 del Ilustre Colegio de la Abogac\u00eda de Lleida (2005).<br \/>\nLicenciada en Derecho por la Universidad de Lleida.<br \/>\nLicenciada en Ciencias Pol\u00edticas por la Universidad Abierta de Catalu\u00f1a.<br \/>\nPr\u00e1ctica Jur\u00eddica al Ilustre Colegio de la Abogac\u00eda de Tarragona y Lleida.<br \/>\nCurso de Responsabilidad Civil Sanitaria.<br \/>\nCursando M\u00e1ster en la Universidad de Lleida de Violencia de G\u00e9nero y Pol\u00edticas de Igualdad.<br \/>\nMiembro de la Junta de Gobierno del Ilustre Colegio de la Abogac\u00eda de Lleida. 2014\/2018.<br \/>\nMiembro de la Comisi\u00f3n del Turno de Oficio del Consejo de la Abogac\u00eda Catalana. 2014\/2018.<br \/>\nMiembro de la Comisi\u00f3n de Igualdad y Violencia de G\u00e9nero del Consejo de la Abogac\u00eda Catalana. Desde de 2015.<br \/>\nProfesora del M\u00e1ster en la Abogac\u00eda de la Universidad de Lleida. Desde de 2015.<br \/>\nColaboradora de la \u00abFirma\u00bb de Radio Cadena Ser.<br \/>\nFormadora del Curso de Violencia de G\u00e9nero y Derecho Penitenciario del Consejo de la Abogac\u00eda Catalana. Desde de 2016.[\/vc_column_text][vc_empty_space]<div id=\"ultimate-heading-149469f5105a40378\" class=\"uvc-heading ult-adjust-bottom-margin ultimate-heading-149469f5105a40378 uvc-9513 \" data-hspacer=\"no_spacer\"  data-halign=\"left\" style=\"text-align:left\"><div class=\"uvc-heading-spacer no_spacer\" style=\"top\"><\/div><div class=\"uvc-main-heading ult-responsive\"  data-ultimate-target='.uvc-heading.ultimate-heading-149469f5105a40378 h3'  data-responsive-json-new='{\"font-size\":\"\",\"line-height\":\"\"}' ><h3 style=\"font-weight:bold;margin-bottom:10px;\">Especialidades<\/h3><\/div><\/div>[vc_row_inner css=\u00bb.vc_custom_1462354927208{padding-top: 22px !important;padding-bottom: 20px !important;}\u00bb][vc_column_inner offset=\u00bbvc_col-lg-6 vc_col-md-6&#8243;][vc_column_text]<strong>Derecho Civil<\/strong><\/p>\n<p style=\"padding-left: 40px;\">Reclamaciones de calidad<br \/>\nDerecho bancario<br \/>\nArrendamientos y desahucios<br \/>\nResponsabilidad sanitaria<br \/>\nCirculaci\u00f3n<\/p>\n<p>[\/vc_column_text][\/vc_column_inner][vc_column_inner width=\u00bb1\/2&#8243; offset=\u00bbvc_col-lg-6 vc_col-md-6&#8243;][vc_column_text]<strong>Derecho Penal y Penitenciario<br \/>\n<\/strong><strong>Derecho Administrativo<br \/>\n<\/strong><strong>Derecho de Familia<\/strong><\/p>\n<p style=\"padding-left: 40px;\">Divorcios<br \/>\nGuarda y custodia<br \/>\nIncapacidades y sucesiones<\/p>\n<p>[\/vc_column_text][\/vc_column_inner][\/vc_row_inner][vc_empty_space][\/vc_column][\/vc_row]<\/p>\n","protected":false},"excerpt":{"rendered":"<p>[vc_row type=\u00bbvc_default\u00bb css=\u00bb.vc_custom_1474215561550{margin-right: -25px !important;margin-left: -25px !important;}\u00bb][vc_column width=\u00bb1\/2&#8243; css=\u00bb.vc_custom_1474216009785{margin-bottom: 80px !important;padding-top: 0px !important;padding-right: 25px !important;padding-bottom: 0px !important;padding-left: 25px !important;}\u00bb offset=\u00bbvc_col-lg-4 vc_col-md-5&#8243;][vc_single_image image=\u00bb1267&#8243; img_size=\u00bb700&#215;700&#8243; alignment=\u00bbcenter\u00bb onclick=\u00bblink_image\u00bb lazy_loading=\u00bbtrue\u00bb][vc_empty_space][\/vc_column][vc_column width=\u00bb1\/2&#8243; css=\u00bb.vc_custom_1471374761882{margin-bottom: 70px !important;padding-top: 0px !important;padding-right: 25px !important;padding-bottom: 0px !important;padding-left: 25px !important;}\u00bb offset=\u00bbvc_col-lg-8 vc_col-md-7&#8243;][vc_column_text]Colegiada 1457 del Ilustre Colegio de la Abogac\u00eda de Lleida (2005). Licenciada en Derecho por la&hellip;<\/p>\n","protected":false},"author":2,"featured_media":0,"parent":1633,"menu_order":30,"comment_status":"closed","ping_status":"closed","template":"","meta":[],"class_list":["post-1129","page","type-page","status-publish","hentry","description-off"],"yoast_head":"<!-- This site is optimized with the Yoast SEO plugin v24.7 - https:\/\/yoast.com\/wordpress\/plugins\/seo\/ -->\n<title>Anna Nadal i Braqu\u00e9 - Torres-Nadal - Abogados Asesores<\/title>\n<meta name=\"robots\" content=\"index, follow, max-snippet:-1, max-image-preview:large, max-video-preview:-1\" \/>\n<link rel=\"canonical\" href=\"https:\/\/www.torres-nadal.com\/es\/equipo\/anna-nadal\/\" \/>\n<meta property=\"og:locale\" content=\"es_ES\" \/>\n<meta property=\"og:type\" content=\"article\" \/>\n<meta property=\"og:title\" content=\"Anna Nadal i Braqu\u00e9 - Torres-Nadal - Abogados Asesores\" \/>\n<meta property=\"og:description\" content=\"[vc_row type=\u00bbvc_default\u00bb css=\u00bb.vc_custom_1474215561550{margin-right: -25px !important;margin-left: -25px !important;}\u00bb][vc_column width=\u00bb1\/2&#8243; css=\u00bb.vc_custom_1474216009785{margin-bottom: 80px !important;padding-top: 0px !important;padding-right: 25px !important;padding-bottom: 0px !important;padding-left: 25px !important;}\u00bb offset=\u00bbvc_col-lg-4 vc_col-md-5&#8243;][vc_single_image image=\u00bb1267&#8243; img_size=\u00bb700&#215;700&#8243; alignment=\u00bbcenter\u00bb onclick=\u00bblink_image\u00bb lazy_loading=\u00bbtrue\u00bb][vc_empty_space][\/vc_column][vc_column width=\u00bb1\/2&#8243; css=\u00bb.vc_custom_1471374761882{margin-bottom: 70px !important;padding-top: 0px !important;padding-right: 25px !important;padding-bottom: 0px !important;padding-left: 25px !important;}\u00bb offset=\u00bbvc_col-lg-8 vc_col-md-7&#8243;][vc_column_text]Colegiada 1457 del Ilustre Colegio de la Abogac\u00eda de Lleida (2005). Licenciada en Derecho por la&hellip;\" \/>\n<meta property=\"og:url\" content=\"https:\/\/www.torres-nadal.com\/es\/equipo\/anna-nadal\/\" \/>\n<meta property=\"og:site_name\" content=\"Torres-Nadal - Abogados Asesores\" \/>\n<meta property=\"article:modified_time\" content=\"2019-11-13T09:16:05+00:00\" \/>\n<meta name=\"twitter:card\" content=\"summary_large_image\" \/>\n<meta name=\"twitter:label1\" content=\"Tiempo de lectura\" \/>\n\t<meta name=\"twitter:data1\" content=\"3 minutos\" \/>\n<script type=\"application\/ld+json\" class=\"yoast-schema-graph\">{\"@context\":\"https:\/\/schema.org\",\"@graph\":[{\"@type\":\"WebPage\",\"@id\":\"https:\/\/www.torres-nadal.com\/es\/equipo\/anna-nadal\/\",\"url\":\"https:\/\/www.torres-nadal.com\/es\/equipo\/anna-nadal\/\",\"name\":\"Anna Nadal i Braqu\u00e9 - Torres-Nadal - Abogados Asesores\",\"isPartOf\":{\"@id\":\"https:\/\/www.torres-nadal.com\/#website\"},\"datePublished\":\"2016-05-19T23:55:58+00:00\",\"dateModified\":\"2019-11-13T09:16:05+00:00\",\"breadcrumb\":{\"@id\":\"https:\/\/www.torres-nadal.com\/es\/equipo\/anna-nadal\/#breadcrumb\"},\"inLanguage\":\"es\",\"potentialAction\":[{\"@type\":\"ReadAction\",\"target\":[\"https:\/\/www.torres-nadal.com\/es\/equipo\/anna-nadal\/\"]}]},{\"@type\":\"BreadcrumbList\",\"@id\":\"https:\/\/www.torres-nadal.com\/es\/equipo\/anna-nadal\/#breadcrumb\",\"itemListElement\":[{\"@type\":\"ListItem\",\"position\":1,\"name\":\"Inici\",\"item\":\"https:\/\/www.torres-nadal.com\/es\/\"},{\"@type\":\"ListItem\",\"position\":2,\"name\":\"Equipo\",\"item\":\"https:\/\/www.torres-nadal.com\/es\/equipo\/\"},{\"@type\":\"ListItem\",\"position\":3,\"name\":\"Anna Nadal i Braqu\u00e9\"}]},{\"@type\":\"WebSite\",\"@id\":\"https:\/\/www.torres-nadal.com\/#website\",\"url\":\"https:\/\/www.torres-nadal.com\/\",\"name\":\"Torres-Nadal - Abogados Asesores\",\"description\":\"\",\"potentialAction\":[{\"@type\":\"SearchAction\",\"target\":{\"@type\":\"EntryPoint\",\"urlTemplate\":\"https:\/\/www.torres-nadal.com\/?s={search_term_string}\"},\"query-input\":{\"@type\":\"PropertyValueSpecification\",\"valueRequired\":true,\"valueName\":\"search_term_string\"}}],\"inLanguage\":\"es\"}]}<\/script>\n<!-- \/ Yoast SEO plugin. -->","yoast_head_json":{"title":"Anna Nadal i Braqu\u00e9 - Torres-Nadal - Abogados Asesores","robots":{"index":"index","follow":"follow","max-snippet":"max-snippet:-1","max-image-preview":"max-image-preview:large","max-video-preview":"max-video-preview:-1"},"canonical":"https:\/\/www.torres-nadal.com\/es\/equipo\/anna-nadal\/","og_locale":"es_ES","og_type":"article","og_title":"Anna Nadal i Braqu\u00e9 - Torres-Nadal - Abogados Asesores","og_description":"[vc_row type=\u00bbvc_default\u00bb css=\u00bb.vc_custom_1474215561550{margin-right: -25px !important;margin-left: -25px !important;}\u00bb][vc_column width=\u00bb1\/2&#8243; css=\u00bb.vc_custom_1474216009785{margin-bottom: 80px !important;padding-top: 0px !important;padding-right: 25px !important;padding-bottom: 0px !important;padding-left: 25px !important;}\u00bb offset=\u00bbvc_col-lg-4 vc_col-md-5&#8243;][vc_single_image image=\u00bb1267&#8243; img_size=\u00bb700&#215;700&#8243; alignment=\u00bbcenter\u00bb onclick=\u00bblink_image\u00bb lazy_loading=\u00bbtrue\u00bb][vc_empty_space][\/vc_column][vc_column width=\u00bb1\/2&#8243; css=\u00bb.vc_custom_1471374761882{margin-bottom: 70px !important;padding-top: 0px !important;padding-right: 25px !important;padding-bottom: 0px !important;padding-left: 25px !important;}\u00bb offset=\u00bbvc_col-lg-8 vc_col-md-7&#8243;][vc_column_text]Colegiada 1457 del Ilustre Colegio de la Abogac\u00eda de Lleida (2005). Licenciada en Derecho por la&hellip;","og_url":"https:\/\/www.torres-nadal.com\/es\/equipo\/anna-nadal\/","og_site_name":"Torres-Nadal - Abogados Asesores","article_modified_time":"2019-11-13T09:16:05+00:00","twitter_card":"summary_large_image","twitter_misc":{"Tiempo de lectura":"3 minutos"},"schema":{"@context":"https:\/\/schema.org","@graph":[{"@type":"WebPage","@id":"https:\/\/www.torres-nadal.com\/es\/equipo\/anna-nadal\/","url":"https:\/\/www.torres-nadal.com\/es\/equipo\/anna-nadal\/","name":"Anna Nadal i Braqu\u00e9 - Torres-Nadal - Abogados Asesores","isPartOf":{"@id":"https:\/\/www.torres-nadal.com\/#website"},"datePublished":"2016-05-19T23:55:58+00:00","dateModified":"2019-11-13T09:16:05+00:00","breadcrumb":{"@id":"https:\/\/www.torres-nadal.com\/es\/equipo\/anna-nadal\/#breadcrumb"},"inLanguage":"es","potentialAction":[{"@type":"ReadAction","target":["https:\/\/www.torres-nadal.com\/es\/equipo\/anna-nadal\/"]}]},{"@type":"BreadcrumbList","@id":"https:\/\/www.torres-nadal.com\/es\/equipo\/anna-nadal\/#breadcrumb","itemListElement":[{"@type":"ListItem","position":1,"name":"Inici","item":"https:\/\/www.torres-nadal.com\/es\/"},{"@type":"ListItem","position":2,"name":"Equipo","item":"https:\/\/www.torres-nadal.com\/es\/equipo\/"},{"@type":"ListItem","position":3,"name":"Anna Nadal i Braqu\u00e9"}]},{"@type":"WebSite","@id":"https:\/\/www.torres-nadal.com\/#website","url":"https:\/\/www.torres-nadal.com\/","name":"Torres-Nadal - Abogados Asesores","description":"","potentialAction":[{"@type":"SearchAction","target":{"@type":"EntryPoint","urlTemplate":"https:\/\/www.torres-nadal.com\/?s={search_term_string}"},"query-input":{"@type":"PropertyValueSpecification","valueRequired":true,"valueName":"search_term_string"}}],"inLanguage":"es"}]}},"_links":{"self":[{"href":"https:\/\/www.torres-nadal.com\/es\/wp-json\/wp\/v2\/pages\/1129","targetHints":{"allow":["GET"]}}],"collection":[{"href":"https:\/\/www.torres-nadal.com\/es\/wp-json\/wp\/v2\/pages"}],"about":[{"href":"https:\/\/www.torres-nadal.com\/es\/wp-json\/wp\/v2\/types\/page"}],"author":[{"embeddable":true,"href":"https:\/\/www.torres-nadal.com\/es\/wp-json\/wp\/v2\/users\/2"}],"replies":[{"embeddable":true,"href":"https:\/\/www.torres-nadal.com\/es\/wp-json\/wp\/v2\/comments?post=1129"}],"version-history":[{"count":33,"href":"https:\/\/www.torres-nadal.com\/es\/wp-json\/wp\/v2\/pages\/1129\/revisions"}],"predecessor-version":[{"id":1700,"href":"https:\/\/www.torres-nadal.com\/es\/wp-json\/wp\/v2\/pages\/1129\/revisions\/1700"}],"up":[{"embeddable":true,"href":"https:\/\/www.torres-nadal.com\/es\/wp-json\/wp\/v2\/pages\/1633"}],"wp:attachment":[{"href":"https:\/\/www.torres-nadal.com\/es\/wp-json\/wp\/v2\/media?parent=1129"}],"curies":[{"name":"wp","href":"https:\/\/api.w.org\/{rel}","templated":true}]}}